{"id":11000,"date":"2019-03-14T21:18:45","date_gmt":"2019-03-14T20:18:45","guid":{"rendered":"http:\/\/www.carpenteriafaber.it\/homepage\/"},"modified":"2019-10-14T11:12:15","modified_gmt":"2019-10-14T09:12:15","slug":"homepage","status":"publish","type":"page","link":"https:\/\/www.carpenteriafaber.it\/es\/","title":{"rendered":"Homepage"},"content":{"rendered":"<section class=\"wpb-content-wrapper\"><p>[vc_row full_width=\u00bbstretch_row_content_no_spaces\u00bb][vc_column][rev_slider_vc alias=\u00bbhome-v2-esp\u00bb][\/vc_column][\/vc_row][vc_row seperator_enable=\u00bbseperator_enable_value\u00bb seperator_type=\u00bbtriangle_svg_seperator\u00bb seperator_svg_height=\u00bb20&#8243; seperator_shape_background=\u00bb#f7f7f7&#8243; css=\u00bb.vc_custom_1552597411614{margin-top: 120px !important;padding-bottom: 100px !important;}\u00bb][vc_column]<div id=\"ultimate-heading-649169f1ff12467fe\" class=\"uvc-heading ult-adjust-bottom-margin ultimate-heading-649169f1ff12467fe uvc-7265 \" data-hspacer=\"image_only\"  data-halign=\"center\" style=\"text-align:center\"><div class=\"uvc-heading-spacer image_only\" style=\"margin-bottom:40px;\"><img decoding=\"async\" src=\"https:\/\/www.carpenteriafaber.it\/wp-content\/uploads\/2019\/03\/v-line.png\" class=\"ultimate-headings-icon-image\" alt=\"null\" style=\"\"\/><\/div><div class=\"uvc-main-heading ult-responsive\"  data-ultimate-target='.uvc-heading.ultimate-heading-649169f1ff12467fe h2'  data-responsive-json-new='{\"font-size\":\"mobile:16px;\",\"line-height\":\"\"}' ><h2 style=\"font-family:&#039;Montserrat&#039;;font-weight:700;margin-bottom:40px;\">QUI\u00c9NES SOMOS<\/h2><\/div><\/div>[vc_column_text]<\/p>\n<p style=\"text-align: center;\">La carpinter\u00eda industrial siempre ha sido uno de los puntos fuertes de FABER por la b\u00fasqueda de nuevas soluciones y tecnolog\u00edas constructivas.<\/p>\n<p style=\"text-align: center;\">Desde 1994 trabajamos por encargo en la industria de transformaci\u00f3n de l\u00e1mina met\u00e1lica con aparatos de alto n\u00edvel tecnol\u00f3gico y en continuo desarrollo. FABER ofrece a sus clientes una oficina t\u00e9cnica capaz de proponer consultor\u00edas profesionales para la fabricaci\u00f3n de productos no estandarizados.<\/p>\n<p style=\"text-align: center;\">Nuestra oficina t\u00e9cnica adem\u00e1s de supervisar todas las fases de la producci\u00f3n puede asistir a los clientes durante la planificaci\u00f3n y el desarrollo del producto, ofreciendo \u00a0indicaciones que pueden simplificar el proceso productivo. El cuidadoso control de la calidad en todos los procesos de fabricaci\u00f3n es garant\u00eda de seriedad y confiabilidad.<\/p>\n<p style=\"text-align: center;\">El cuidado en la realizaci\u00f3n de nuestros artefactos garantiza la falta de defectos y los imprevistos de montaje, adem\u00e1s de asegurar la observancia de los requisitos exigidos por el cliente.<\/p>\n<p>[\/vc_column_text][\/vc_column][\/vc_row][vc_row bg_type=\u00bbbg_color\u00bb bg_override=\u00bbex-full\u00bb enable_overlay=\u00bbenable_overlay_value\u00bb overlay_color=\u00bbrgba(0,0,0,0.85)\u00bb css=\u00bb.vc_custom_1552597908376{padding-top: 140px !important;padding-bottom: 120px !important;}\u00bb bg_color_value=\u00bb#000000&#8243;][vc_column]<div id=\"ultimate-heading-233069f1ff1246846\" class=\"uvc-heading ult-adjust-bottom-margin ultimate-heading-233069f1ff1246846 uvc-74 \" data-hspacer=\"no_spacer\"  data-halign=\"center\" style=\"text-align:center\"><div class=\"uvc-heading-spacer no_spacer\" style=\"top\"><\/div><div class=\"uvc-main-heading ult-responsive\"  data-ultimate-target='.uvc-heading.ultimate-heading-233069f1ff1246846 h2'  data-responsive-json-new='{\"font-size\":\"mobile:16px;\",\"line-height\":\"\"}' ><h2 style=\"font-family:&#039;Montserrat&#039;;font-weight:700;color:#ffffff;margin-bottom:40px;\">POR QUE ELIGIRNOS<\/h2><\/div><\/div>[vc_empty_space height=\u00bb80px\u00bb][vc_row_inner][vc_column_inner width=\u00bb1\/4&#8243; offset=\u00bbvc_col-lg-3 vc_col-md-3 vc_col-xs-6&#8243;][vc_single_image image=\u00bb10716&#8243; img_size=\u00bbfull\u00bb alignment=\u00bbcenter\u00bb css_animation=\u00bbslideInDown\u00bb el_class=\u00bbicona\u00bb][vc_custom_heading text=\u00bbCUALIDAD\u00bb font_container=\u00bbtag:h4|font_size:18px|text_align:center|color:%23ffffff\u00bb use_theme_fonts=\u00bbyes\u00bb css=\u00bb.vc_custom_1554132956670{padding-top: 20px !important;padding-bottom: 20px !important;}\u00bb][\/vc_column_inner][vc_column_inner width=\u00bb1\/4&#8243; offset=\u00bbvc_col-lg-3 vc_col-md-3 vc_col-xs-6&#8243;][vc_single_image image=\u00bb10714&#8243; img_size=\u00bbfull\u00bb alignment=\u00bbcenter\u00bb css_animation=\u00bbslideInDown\u00bb el_class=\u00bbicona\u00bb][vc_custom_heading text=\u00bbFLEXIBILIDAD\u00bb font_container=\u00bbtag:h4|font_size:18px|text_align:center|color:%23ffffff\u00bb use_theme_fonts=\u00bbyes\u00bb css=\u00bb.vc_custom_1554132965324{padding-top: 20px !important;padding-bottom: 20px !important;}\u00bb][\/vc_column_inner][vc_column_inner width=\u00bb1\/4&#8243; offset=\u00bbvc_col-lg-3 vc_col-md-3 vc_col-xs-6&#8243;][vc_single_image image=\u00bb10715&#8243; img_size=\u00bbfull\u00bb alignment=\u00bbcenter\u00bb css_animation=\u00bbslideInDown\u00bb el_class=\u00bbicona\u00bb][vc_custom_heading text=\u00bbPLANIFICACI\u00d3N\u00bb font_container=\u00bbtag:h4|font_size:18px|text_align:center|color:%23ffffff\u00bb use_theme_fonts=\u00bbyes\u00bb css=\u00bb.vc_custom_1554132974092{padding-top: 20px !important;padding-bottom: 20px !important;}\u00bb][\/vc_column_inner][vc_column_inner width=\u00bb1\/4&#8243; offset=\u00bbvc_col-lg-3 vc_col-md-3 vc_col-xs-6&#8243;][vc_single_image image=\u00bb10711&#8243; img_size=\u00bbfull\u00bb alignment=\u00bbcenter\u00bb css_animation=\u00bbslideInDown\u00bb el_class=\u00bbicona\u00bb][vc_custom_heading text=\u00bbTIEMPO DE ENTREGA\u00bb font_container=\u00bbtag:h4|font_size:18px|text_align:center|color:%23ffffff\u00bb use_theme_fonts=\u00bbyes\u00bb css=\u00bb.vc_custom_1554132984028{padding-top: 20px !important;padding-bottom: 20px !important;}\u00bb][\/vc_column_inner][\/vc_row_inner][\/vc_column][\/vc_row][vc_row seperator_enable=\u00bbseperator_enable_value\u00bb seperator_type=\u00bbtriangle_svg_seperator\u00bb seperator_svg_height=\u00bb20&#8243; seperator_shape_background=\u00bb#f7f7f7&#8243; css=\u00bb.vc_custom_1552597411614{margin-top: 120px !important;padding-bottom: 100px !important;}\u00bb][vc_column]<div id=\"ultimate-heading-267669f1ff12468a3\" class=\"uvc-heading ult-adjust-bottom-margin ultimate-heading-267669f1ff12468a3 uvc-2852 \" data-hspacer=\"image_only\"  data-halign=\"center\" style=\"text-align:center\"><div class=\"uvc-heading-spacer image_only\" style=\"margin-bottom:40px;\"><img decoding=\"async\" src=\"https:\/\/www.carpenteriafaber.it\/wp-content\/uploads\/2019\/03\/v-line.png\" class=\"ultimate-headings-icon-image\" alt=\"null\" style=\"\"\/><\/div><div class=\"uvc-main-heading ult-responsive\"  data-ultimate-target='.uvc-heading.ultimate-heading-267669f1ff12468a3 h2'  data-responsive-json-new='{\"font-size\":\"mobile:16px;\",\"line-height\":\"\"}' ><h2 style=\"font-family:&#039;Montserrat&#039;;font-weight:700;margin-bottom:40px;\">TRABAJOS<\/h2><\/div><\/div>[vc_column_text]<\/p>\n<p style=\"text-align: center;\"><strong>Corte con l\u00e1ser, soldadura, plegado son solamente algunas de las fases ejecutadas por nuestro personal especializado.<\/strong><br \/>\nEl cuidado en la realizaci\u00f3n de nuestros artefactos garantiza la falta de defectos y los imprevistos de montaje, adem\u00e1s de asegurar la observancia de los requisitos exigidos por el cliente.<\/p>\n<p>[\/vc_column_text][\/vc_column][\/vc_row][vc_row][vc_column width=\u00bb1\/3&#8243;]<div class=\"ult-new-ib ult-ib-effect-style7 text-left ult-ib-resp  \" data-min-width=\"768\" data-max-width=\"900\" style=\"\" data-opacity=\"1\" data-hover-opacity=\"1\" ><img decoding=\"async\" class=\"ult-new-ib-img\" style=\"opacity:1;\" alt=\"null\" src=\"https:\/\/www.carpenteriafaber.it\/wp-content\/uploads\/2019\/03\/lavorazioni-taglio-laser.jpg\"   \/><div id=\"interactive-banner-wrap-7812\" class=\"ult-new-ib-desc\" style=\"\"><h3 class=\"ult-new-ib-title ult-responsive\"  data-ultimate-target='#interactive-banner-wrap-7812 .ult-new-ib-title'  data-responsive-json-new='{\"font-size\":\"desktop:28px;\",\"line-height\":\"\"}'  style=\"font-weight:bold;\">CORTE A L\u00c1SER<\/h3><\/div><a class=\"ult-new-ib-link\" href=\"\/es\/taglio-laser\/\" title=\"Taglio Laser\"  ><\/a><\/div>[vc_empty_space height=\u00bb20px\u00bb][\/vc_column][vc_column width=\u00bb1\/3&#8243;]<div class=\"ult-new-ib ult-ib-effect-style7 text-left ult-ib-resp  \" data-min-width=\"768\" data-max-width=\"900\" style=\"\" data-opacity=\"1\" data-hover-opacity=\"1\" ><img decoding=\"async\" class=\"ult-new-ib-img\" style=\"opacity:1;\" alt=\"null\" src=\"https:\/\/www.carpenteriafaber.it\/wp-content\/uploads\/2019\/03\/lavorazioni-piegatura.jpg\"   \/><div id=\"interactive-banner-wrap-6851\" class=\"ult-new-ib-desc\" style=\"\"><h3 class=\"ult-new-ib-title ult-responsive\"  data-ultimate-target='#interactive-banner-wrap-6851 .ult-new-ib-title'  data-responsive-json-new='{\"font-size\":\"desktop:28px;\",\"line-height\":\"\"}'  style=\"font-weight:bold;\">PLEGADO<\/h3><\/div><a class=\"ult-new-ib-link\" href=\"\/es\/piegatura\/\" title=\"Piegatura\"  ><\/a><\/div>[vc_empty_space height=\u00bb20px\u00bb][\/vc_column][vc_column width=\u00bb1\/3&#8243;]<div class=\"ult-new-ib ult-ib-effect-style7 text-left ult-ib-resp  \" data-min-width=\"768\" data-max-width=\"900\" style=\"\" data-opacity=\"1\" data-hover-opacity=\"1\" ><img decoding=\"async\" class=\"ult-new-ib-img\" style=\"opacity:1;\" alt=\"null\" src=\"https:\/\/www.carpenteriafaber.it\/wp-content\/uploads\/2019\/03\/lavorazioni-saldatura.jpg\"   \/><div id=\"interactive-banner-wrap-8684\" class=\"ult-new-ib-desc\" style=\"\"><h3 class=\"ult-new-ib-title ult-responsive\"  data-ultimate-target='#interactive-banner-wrap-8684 .ult-new-ib-title'  data-responsive-json-new='{\"font-size\":\"desktop:28px;\",\"line-height\":\"\"}'  style=\"font-weight:bold;\">SOLDADURA<\/h3><\/div><a class=\"ult-new-ib-link\" href=\"\/es\/saldatura\/\" title=\"Saldatura\"  ><\/a><\/div>[vc_empty_space height=\u00bb20px\u00bb][\/vc_column][\/vc_row][vc_row seperator_enable=\u00bbseperator_enable_value\u00bb seperator_type=\u00bbtriangle_svg_seperator\u00bb seperator_svg_height=\u00bb20&#8243; seperator_shape_background=\u00bb#f7f7f7&#8243; css=\u00bb.vc_custom_1552597411614{margin-top: 120px !important;padding-bottom: 100px !important;}\u00bb][vc_column]<div id=\"ultimate-heading-7869f1ff1246b88\" class=\"uvc-heading ult-adjust-bottom-margin ultimate-heading-7869f1ff1246b88 uvc-4122 \" data-hspacer=\"image_only\"  data-halign=\"center\" style=\"text-align:center\"><div class=\"uvc-heading-spacer image_only\" style=\"margin-bottom:40px;\"><img decoding=\"async\" src=\"https:\/\/www.carpenteriafaber.it\/wp-content\/uploads\/2019\/03\/v-line.png\" class=\"ultimate-headings-icon-image\" alt=\"null\" style=\"\"\/><\/div><div class=\"uvc-main-heading ult-responsive\"  data-ultimate-target='.uvc-heading.ultimate-heading-7869f1ff1246b88 h2'  data-responsive-json-new='{\"font-size\":\"mobile:16px;\",\"line-height\":\"\"}' ><h2 style=\"font-family:&#039;Montserrat&#039;;font-weight:700;margin-bottom:40px;\">TIRANTES<\/h2><\/div><\/div>[vc_column_text]<\/p>\n<p style=\"text-align: center;\">Actualmente la empresa, tras varios a\u00f1os de experiencia, puede suministrar tirantes completos de todos los grosores y accesorios necesarios. Los tirantes\u00a0<strong>FABER<\/strong>, gracias a una evoluci\u00f3n continua del dise\u00f1o y del proceso de fabricaci\u00f3n, <strong>garantizan una robustez y una resistencia sin igual<\/strong>, y adem\u00e1s evitan desgarres y las consecuentes paradas costosas de la m\u00e1quina.<\/p>\n<p style=\"text-align: center;\"><strong>Todos los materiales utilizados son aceros especiales\u00a0<em>certificados<\/em><\/strong>\u00a0y los tirantes est\u00e1n garantizados hasta 130 bares de tracci\u00f3n.<\/p>\n<p>[\/vc_column_text][\/vc_column][\/vc_row][vc_row css=\u00bb.vc_custom_1552635873337{padding-bottom: 150px !important;}\u00bb][vc_column width=\u00bb1\/3&#8243;][vc_single_image image=\u00bb10701&#8243; img_size=\u00bbfull\u00bb][vc_empty_space height=\u00bb20px\u00bb][\/vc_column][vc_column width=\u00bb1\/3&#8243;][vc_single_image image=\u00bb10702&#8243; img_size=\u00bbfull\u00bb][vc_empty_space height=\u00bb20px\u00bb][\/vc_column][vc_column width=\u00bb1\/3&#8243;][vc_single_image image=\u00bb10703&#8243; img_size=\u00bbfull\u00bb][vc_empty_space height=\u00bb20px\u00bb][\/vc_column][\/vc_row][vc_row bg_type=\u00bbbg_color\u00bb bg_override=\u00bbex-full\u00bb enable_overlay=\u00bbenable_overlay_value\u00bb overlay_color=\u00bbrgba(0,0,0,0.85)\u00bb css=\u00bb.vc_custom_1552597908376{padding-top: 140px !important;padding-bottom: 120px !important;}\u00bb bg_color_value=\u00bb#000000&#8243;][vc_column]<div id=\"ultimate-heading-638169f1ff1246bb4\" class=\"uvc-heading ult-adjust-bottom-margin ultimate-heading-638169f1ff1246bb4 uvc-6750 \" data-hspacer=\"no_spacer\"  data-halign=\"center\" style=\"text-align:center\"><div class=\"uvc-heading-spacer no_spacer\" style=\"top\"><\/div><div class=\"uvc-main-heading ult-responsive\"  data-ultimate-target='.uvc-heading.ultimate-heading-638169f1ff1246bb4 h2'  data-responsive-json-new='{\"font-size\":\"mobile:16px;\",\"line-height\":\"\"}' ><h2 style=\"font-family:&#039;Montserrat&#039;;font-weight:700;color:#ffffff;margin-bottom:40px;\">CONTACTO<\/h2><\/div><\/div>[vc_empty_space height=\u00bb80px\u00bb][vc_row_inner][vc_column_inner width=\u00bb1\/4&#8243; offset=\u00bbvc_col-lg-3 vc_col-md-3 vc_col-xs-6&#8243;][vc_single_image image=\u00bb10684&#8243; img_size=\u00bbfull\u00bb alignment=\u00bbcenter\u00bb css_animation=\u00bbslideInDown\u00bb el_class=\u00bbicona\u00bb][vc_custom_heading text=\u00bbinfo@carpenteriafaber.it\u00bb font_container=\u00bbtag:p|text_align:center|color:%23ffffff\u00bb use_theme_fonts=\u00bbyes\u00bb css=\u00bb.vc_custom_1553174956996{padding-top: 20px !important;padding-bottom: 20px !important;}\u00bb][\/vc_column_inner][vc_column_inner width=\u00bb1\/4&#8243; offset=\u00bbvc_col-lg-3 vc_col-md-3 vc_col-xs-6&#8243;][vc_single_image image=\u00bb10713&#8243; img_size=\u00bbfull\u00bb alignment=\u00bbcenter\u00bb css_animation=\u00bbslideInDown\u00bb el_class=\u00bbicona\u00bb][vc_custom_heading text=\u00bb0444 491932&#8243; font_container=\u00bbtag:p|text_align:center|color:%23ffffff\u00bb use_theme_fonts=\u00bbyes\u00bb css=\u00bb.vc_custom_1553174960539{padding-top: 20px !important;padding-bottom: 20px !important;}\u00bb][\/vc_column_inner][vc_column_inner width=\u00bb1\/4&#8243; offset=\u00bbvc_col-lg-3 vc_col-md-3 vc_col-xs-6&#8243;][vc_single_image image=\u00bb10712&#8243; img_size=\u00bbfull\u00bb alignment=\u00bbcenter\u00bb css_animation=\u00bbslideInDown\u00bb el_class=\u00bbicona\u00bb][vc_custom_heading text=\u00bbVia Gualda, 7<br \/>\n36075 Montecchio Maggiore (VI)\u00bb font_container=\u00bbtag:p|text_align:center|color:%23ffffff\u00bb use_theme_fonts=\u00bbyes\u00bb css=\u00bb.vc_custom_1560513678356{padding-top: 20px !important;padding-bottom: 20px !important;}\u00bb][\/vc_column_inner][vc_column_inner width=\u00bb1\/4&#8243; offset=\u00bbvc_col-lg-3 vc_col-md-3 vc_col-xs-6&#8243;][vc_single_image image=\u00bb11383&#8243; img_size=\u00bbfull\u00bb alignment=\u00bbcenter\u00bb css_animation=\u00bbslideInDown\u00bb el_class=\u00bbicona\u00bb][vc_custom_heading text=\u00bbFacebook\u00bb font_container=\u00bbtag:p|text_align:center|color:%23ffffff\u00bb use_theme_fonts=\u00bbyes\u00bb css=\u00bb.vc_custom_1555416201300{padding-top: 20px !important;padding-bottom: 20px !important;}\u00bb link=\u00bburl:https%3A%2F%2Fwww.facebook.com%2FFaber-Srl-Unipersonale-276642619688229%2F||target:%20_blank|\u00bb][vc_single_image image=\u00bb11492&#8243; img_size=\u00bbfull\u00bb alignment=\u00bbcenter\u00bb css_animation=\u00bbslideInDown\u00bb el_class=\u00bbicona\u00bb][vc_custom_heading text=\u00bbInstagram\u00bb font_container=\u00bbtag:p|text_align:center|color:%23ffffff\u00bb use_theme_fonts=\u00bbyes\u00bb css=\u00bb.vc_custom_1571044358321{padding-top: 20px !important;padding-bottom: 20px !important;}\u00bb link=\u00bburl:https%3A%2F%2Fwww.instagram.com%2Ffaber_srl_carpenteria%2F||target:%20_blank|\u00bb][\/vc_column_inner][\/vc_row_inner][\/vc_column][\/vc_row][vc_row seperator_enable=\u00bbseperator_enable_value\u00bb seperator_type=\u00bbtriangle_svg_seperator\u00bb seperator_svg_height=\u00bb20&#8243; seperator_shape_background=\u00bb#f7f7f7&#8243; css=\u00bb.vc_custom_1552597411614{margin-top: 120px !important;padding-bottom: 100px !important;}\u00bb][vc_column]<div id=\"ultimate-heading-354669f1ff1246c00\" class=\"uvc-heading ult-adjust-bottom-margin ultimate-heading-354669f1ff1246c00 uvc-9654 \" data-hspacer=\"image_only\"  data-halign=\"center\" style=\"text-align:center\"><div class=\"uvc-heading-spacer image_only\" style=\"margin-bottom:40px;\"><img decoding=\"async\" src=\"https:\/\/www.carpenteriafaber.it\/wp-content\/uploads\/2019\/03\/v-line.png\" class=\"ultimate-headings-icon-image\" alt=\"null\" style=\"\"\/><\/div><div class=\"uvc-main-heading ult-responsive\"  data-ultimate-target='.uvc-heading.ultimate-heading-354669f1ff1246c00 h2'  data-responsive-json-new='{\"font-size\":\"mobile:16px;\",\"line-height\":\"\"}' ><h2 style=\"font-family:&#039;Montserrat&#039;;font-weight:700;margin-bottom:40px;\">ESCR\u00cdBENOS<\/h2><\/div><\/div>\n<div class=\"wpcf7 no-js\" id=\"wpcf7-f11361-o1\" lang=\"en-US\" dir=\"ltr\" data-wpcf7-id=\"11361\">\n<div class=\"screen-reader-response\"><p role=\"status\" aria-live=\"polite\" aria-atomic=\"true\"><\/p> <ul><\/ul><\/div>\n<form action=\"\/es\/wp-json\/wp\/v2\/pages\/11000#wpcf7-f11361-o1\" method=\"post\" class=\"wpcf7-form init\" aria-label=\"Contact form\" novalidate=\"novalidate\" data-status=\"init\">\n<div style=\"display: none;\">\n<input type=\"hidden\" name=\"_wpcf7\" value=\"11361\" \/>\n<input type=\"hidden\" name=\"_wpcf7_version\" value=\"6.0.6\" \/>\n<input type=\"hidden\" name=\"_wpcf7_locale\" value=\"en_US\" \/>\n<input type=\"hidden\" name=\"_wpcf7_unit_tag\" value=\"wpcf7-f11361-o1\" \/>\n<input type=\"hidden\" name=\"_wpcf7_container_post\" value=\"0\" \/>\n<input type=\"hidden\" name=\"_wpcf7_posted_data_hash\" value=\"\" \/>\n<\/div>\n<div class=\"hazel-multiple-fields\">\n\t<div class=\"f-name\">\n\t\t<p>Nombre y apellido <span class=\"cforms-required\">(*)<\/span>\n\t\t<\/p>\n\t\t<p><span class=\"wpcf7-form-control-wrap\" data-name=\"t-nome\"><input size=\"40\" maxlength=\"400\" class=\"wpcf7-form-control wpcf7-text wpcf7-validates-as-required\" aria-required=\"true\" aria-invalid=\"false\" value=\"\" type=\"text\" name=\"t-nome\" \/><\/span>\n\t\t<\/p>\n\t<\/div>\n\t<div class=\"f-email\">\n\t\t<p>Email <span class=\"cforms-required\">(*)<\/span>\n\t\t<\/p>\n\t\t<p><span class=\"wpcf7-form-control-wrap\" data-name=\"t-email\"><input size=\"40\" maxlength=\"400\" class=\"wpcf7-form-control wpcf7-email wpcf7-validates-as-required wpcf7-text wpcf7-validates-as-email\" aria-required=\"true\" aria-invalid=\"false\" value=\"\" type=\"email\" name=\"t-email\" \/><\/span>\n\t\t<\/p>\n\t<\/div>\n\t<div class=\"f-subject\">\n\t\t<p>Tel\u00e9fono\n\t\t<\/p>\n\t\t<p><span class=\"wpcf7-form-control-wrap\" data-name=\"t-telefono\"><input size=\"40\" maxlength=\"400\" class=\"wpcf7-form-control wpcf7-text\" aria-invalid=\"false\" value=\"\" type=\"text\" name=\"t-telefono\" \/><\/span>\n\t\t<\/p>\n\t<\/div>\n\t<div class=\"f-service\">\n\t\t<p>Asunto <span class=\"cforms-required\">(*)<\/span>\n\t\t<\/p>\n\t\t<p><span class=\"wpcf7-form-control-wrap\" data-name=\"t-oggetto\"><input size=\"40\" maxlength=\"400\" class=\"wpcf7-form-control wpcf7-text wpcf7-validates-as-required\" aria-required=\"true\" aria-invalid=\"false\" value=\"\" type=\"text\" name=\"t-oggetto\" \/><\/span>\n\t\t<\/p>\n\t<\/div>\n\t<div class=\"f-message\">\n\t\t<p>Mensaje\n\t\t<\/p>\n\t\t<p><span class=\"wpcf7-form-control-wrap\" data-name=\"t-messaggio\"><textarea cols=\"40\" rows=\"10\" maxlength=\"2000\" class=\"wpcf7-form-control wpcf7-textarea\" aria-invalid=\"false\" name=\"t-messaggio\"><\/textarea><\/span>\n\t\t<\/p>\n\t\t<p><span class=\"wpcf7-form-control-wrap\" data-name=\"acceptance-785\"><span class=\"wpcf7-form-control wpcf7-acceptance\"><span class=\"wpcf7-list-item\"><input type=\"checkbox\" name=\"acceptance-785\" value=\"1\" aria-invalid=\"false\" \/><\/span><\/span><\/span> Soy consciente de que los datos adquiridos con este formulario se procesar\u00e1n de conformidad con el Decreto Legislativo 196\/2003 y el Reglamento UE 679\/2016 sobre el procesamiento de datos personales.\n\t\t<\/p>\n\t<\/div>\n\t<div class=\"bt-contact\">\n\t\t<p><a class=\"btn-contact-left\"  href=\"\"><input class=\"wpcf7-form-control wpcf7-submit has-spinner\" type=\"submit\" value=\"ENVIAR\" \/><\/a>\n\t\t<\/p>\n\t<\/div>\n<\/div><div class=\"wpcf7-response-output\" aria-hidden=\"true\"><\/div>\n<\/form>\n<\/div>\n[\/vc_column][\/vc_row]<\/p>\n<\/section>","protected":false},"excerpt":{"rendered":"<p>[vc_row full_width=\u00bbstretch_row_content_no_spaces\u00bb][vc_column][rev_slider_vc alias=\u00bbhome-v2-esp\u00bb][\/vc_column][\/vc_row][vc_row seperator_enable=\u00bbseperator_enable_value\u00bb seperator_type=\u00bbtriangle_svg_seperator\u00bb seperator_svg_height=\u00bb20&#8243; seperator_shape_background=\u00bb#f7f7f7&#8243; css=\u00bb.vc_custom_1552597411614{margin-top: 120px !important;padding-bottom: 100px !important;}\u00bb][vc_column][vc_column_text] La carpinter\u00eda industrial siempre ha sido uno de los puntos fuertes de FABER por la b\u00fasqueda de nuevas soluciones y tecnolog\u00edas constructivas. Desde 1994 trabajamos por encargo en la industria de transformaci\u00f3n de l\u00e1mina met\u00e1lica con aparatos de alto n\u00edvel tecnol\u00f3gico y en [&hellip;]<\/p>\n","protected":false},"author":1,"featured_media":0,"parent":0,"menu_order":0,"comment_status":"closed","ping_status":"closed","template":"template-home.php","meta":{"footnotes":""},"class_list":["post-11000","page","type-page","status-publish","hentry"],"_links":{"self":[{"href":"https:\/\/www.carpenteriafaber.it\/es\/wp-json\/wp\/v2\/pages\/11000","targetHints":{"allow":["GET"]}}],"collection":[{"href":"https:\/\/www.carpenteriafaber.it\/es\/wp-json\/wp\/v2\/pages"}],"about":[{"href":"https:\/\/www.carpenteriafaber.it\/es\/wp-json\/wp\/v2\/types\/page"}],"author":[{"embeddable":true,"href":"https:\/\/www.carpenteriafaber.it\/es\/wp-json\/wp\/v2\/users\/1"}],"replies":[{"embeddable":true,"href":"https:\/\/www.carpenteriafaber.it\/es\/wp-json\/wp\/v2\/comments?post=11000"}],"version-history":[{"count":10,"href":"https:\/\/www.carpenteriafaber.it\/es\/wp-json\/wp\/v2\/pages\/11000\/revisions"}],"predecessor-version":[{"id":11504,"href":"https:\/\/www.carpenteriafaber.it\/es\/wp-json\/wp\/v2\/pages\/11000\/revisions\/11504"}],"wp:attachment":[{"href":"https:\/\/www.carpenteriafaber.it\/es\/wp-json\/wp\/v2\/media?parent=11000"}],"curies":[{"name":"wp","href":"https:\/\/api.w.org\/{rel}","templated":true}]}}